
{"id":409,"date":"2024-05-07T14:35:11","date_gmt":"2024-05-07T12:35:11","guid":{"rendered":"https:\/\/www.groupe-ora.com\/fr-politique-de-confidentialite\/"},"modified":"2024-10-28T12:23:47","modified_gmt":"2024-10-28T11:23:47","slug":"fr-politique-de-confidentialite","status":"publish","type":"page","link":"https:\/\/www.groupe-ora.com\/fr\/fr-politique-de-confidentialite\/","title":{"rendered":"Mentions l\u00e9gales"},"content":{"rendered":"\n<h2 class=\"wp-block-heading\">\u00c9DITEUR DU SITE <\/h2>\n\n<p>Ce site, accessible \u00e0 l&#8217;URL <a href=\"https:\/\/www.groupe-ora.com\/fr\/\">https:\/\/www.groupe-ora.com\/,<\/a> est \u00e9dit\u00e9 par : ORA, SAS au capital de 53 603\u20ac, dont le si\u00e8ge social est situ\u00e9 50-54 rue Calmette et Gu\u00e9rin, 78500 Sartrouville, immatricul\u00e9e au Registre du Commerce et des Soci\u00e9t\u00e9s de Versailles sous le num\u00e9ro 503803520.<\/p>\n\n<p>Num\u00e9ro de t\u00e9l\u00e9phone : 01.75.93.82.20<br\/>Adresse \u00e9lectronique : contact@elbafrance.com  <\/p>\n\n<p>Directeur de la publication : Sol\u00e8ne de Villiers, en qualit\u00e9 de responsable de la communication.<\/p>\n\n<p>Agence d&#8217;\u00e9dition : Jibeset &#8211; <a href=\"http:\/\/www.jibeset.fr\/\">www.jibeset.fr<\/a><\/p>\n\n<h2 class=\"wp-block-heading\">H\u00c9BERGEMENT DU SITE  <\/h2>\n\n<p>Le Site est h\u00e9berg\u00e9 et maintenu par OVH, soci\u00e9t\u00e9 par actions simplifi\u00e9e, situ\u00e9e 2 Rue Kellermann, 59100 ROUBAIX T\u00e9l\u00e9phone : +33 9 72 10 10 07<\/p>\n\n<h2 class=\"wp-block-heading\">PASSIF  <\/h2>\n\n<p>Le Groupe ORA met en \u0153uvre tous les moyens n\u00e9cessaires pour assurer l&#8217;exactitude et la mise \u00e0 jour des informations diffus\u00e9es sur ce site. Le Groupe ORA se r\u00e9serve le droit de corriger, \u00e0 tout moment et sans pr\u00e9avis, le contenu. Les informations contenues dans ce document sont fournies \u00e0 titre indicatif et correspondent \u00e0 l&#8217;\u00e9tat actuel de nos connaissances. Elles n&#8217;engagent pas notre responsabilit\u00e9 en cas d&#8217;utilisation non conforme ou inappropri\u00e9e de nos produits. Le Groupe ORA d\u00e9cline toute responsabilit\u00e9 pour tous dommages r\u00e9sultant d&#8217;une intrusion frauduleuse d&#8217;un tiers ayant entra\u00een\u00e9 une modification des informations mises \u00e0 la disposition sur le site ; et plus g\u00e9n\u00e9ralement pour tous dommages, directs ou indirects, quelles qu&#8217;en soient les causes, origines, natures ou cons\u00e9quences, provoqu\u00e9s \u00e0 raison de l&#8217;acc\u00e8s de quiconque au site ou de l&#8217;impossibilit\u00e9 d&#8217;y acc\u00e9der.    <\/p>\n\n<h2 class=\"wp-block-heading\">LIENS  <\/h2>\n\n<p>Une demande d&#8217;autorisation doit \u00eatre adress\u00e9e au Groupe ORA avant la mise en place d&#8217;un lien hypertexte vers ce site. Ce site contient des liens vers d&#8217;autres sites ou ressources Internet. Le Groupe ORA ne peut \u00eatre tenu responsable de leur mise \u00e0 disposition, ni de leur contenu, ni des dommages de toute nature subis par les visiteurs qui se rendent sur ces liens.  <\/p>\n\n<h2 class=\"wp-block-heading\">PROPRI\u00c9T\u00c9 INTELLECTUELLE ET INDUSTRIELLE  <\/h2>\n\n<p>L&#8217;ensemble de ce site rel\u00e8ve de la l\u00e9gislation fran\u00e7aise et internationale sur le droit d&#8217;auteur et la propri\u00e9t\u00e9 intellectuelle. Tous les droits de reproduction sont r\u00e9serv\u00e9s, y compris pour les documents t\u00e9l\u00e9chargeables. La reproduction de tout document publi\u00e9 sur ce site est seulement autoris\u00e9e pour un usage personnel. Toute reproduction et toute utilisation de copies r\u00e9alis\u00e9es \u00e0 d&#8217;autres fins est express\u00e9ment interdite.   <\/p>\n\n<h2 class=\"wp-block-heading\">L&#8217;UTILISATION DES DONN\u00c9ES PERSONNELLES<\/h2>\n\n<p>Le Groupe ORA recueille des informations afin d&#8217;identifier vos besoins et de vous offrir un meilleur service. Les \u00e9l\u00e9ments statistiques nous permettent de mieux comprendre comment les visiteurs interagissent avec notre site. En application de la loi n\u00b0 78-17 du 6 janvier 1978 relative \u00e0 l&#8217;informatique, aux fichiers et aux libert\u00e9s, vous disposez d&#8217;un droit d&#8217;acc\u00e8s, de rectification ou de suppression des donn\u00e9es vous concernant. Toute demande en ce sens doit \u00eatre adress\u00e9e \u00e0 : Groupe ORA, 50-54, rue Calmette et Gu\u00e9rin &#8211; 78500 Sartrouville. En tout \u00e9tat de cause, la confidentialit\u00e9 des informations relatives aux visiteurs de ce site sera pr\u00e9serv\u00e9e.    <\/p>\n\n<h2 class=\"wp-block-heading\">CHARTE DE PROTECTION DES DONN\u00c9ES PERSONNELLES DU GROUPE ORA  <\/h2>\n\n<p>Le Groupe ORA s&#8217;engage, dans le cadre de ses activit\u00e9s et conform\u00e9ment \u00e0 la nouvelle l\u00e9gislation GDPR en vigueur en France et en Europe, \u00e0 assurer la protection, la confidentialit\u00e9 et la s\u00e9curit\u00e9 des donn\u00e9es personnelles de ses contacts, ainsi qu&#8217;\u00e0 respecter leur vie priv\u00e9e.<\/p>\n\n<p>Depuis l&#8217;entr\u00e9e en vigueur du R\u00e8glement g\u00e9n\u00e9ral sur la protection des donn\u00e9es le 25 mai 2018, le Groupe ORA r\u00e9affirme ses valeurs de transparence dans le traitement de vos donn\u00e9es personnelles en mettant en place une politique d&#8217;utilisation responsable.<\/p>\n\n<p>Notre charte de protection des donn\u00e9es personnelles a pour but de vous informer sur :<\/p>\n\n<p>&#8211; comment vos donn\u00e9es personnelles sont utilis\u00e9es et prot\u00e9g\u00e9es,<\/p>\n\n<p>&#8211; les droits dont vous disposez concernant vos donn\u00e9es \u00e0 caract\u00e8re personnel,<\/p>\n\n<p>&#8211; comment nous contacter pour exercer vos droits.<\/p>\n\n<h3 class=\"wp-block-heading\">1. TYPES DE DONN\u00c9ES COLLECT\u00c9ES  <\/h3>\n\n<p>Certaines donn\u00e9es personnelles sont n\u00e9cessaires \u00e0 la fourniture de nos services. C&#8217;est notamment le cas lors de nos \u00e9changes commerciaux et administratifs, ainsi que lors de l&#8217;envoi de nos communications, newsletters. Ces donn\u00e9es personnelles comprennent vos coordonn\u00e9es : nom, titre, service, email, num\u00e9ro de t\u00e9l\u00e9phone, adresse professionnelle. Nous enregistrons \u00e9galement des donn\u00e9es d&#8217;usage lorsque vous utilisez le formulaire de contact de notre site internet.   <\/p>\n\n<h3 class=\"wp-block-heading\">2. UTILISATION DE VOS DONN\u00c9ES PERSONNELLES  <\/h3>\n\n<p>Sur la base de l&#8217;ex\u00e9cution de notre partenariat, nous utilisons vos donn\u00e9es pour fournir nos services, y compris :<\/p>\n\n<p>&#8211; Communiquer avec vous par courriel, t\u00e9l\u00e9phone et courrier dans le cadre de nos relations professionnelles.<\/p>\n\n<p>&#8211; Vous envoyer des notifications et des courriels concernant nos services.<\/p>\n\n<p>&#8211; Vous informer de notre actualit\u00e9 par l&#8217;envoi de newsletters. Nous ne partageons pas vos donn\u00e9es personnelles avec nos sous-traitants. Vos donn\u00e9es ne sont en aucun cas vendues \u00e0 des soci\u00e9t\u00e9s tierces.  <\/p>\n\n<h3 class=\"wp-block-heading\">3. LES DESTINATAIRES DES DONN\u00c9ES  <\/h3>\n\n<p>Les donn\u00e9es que nous collectons sont strictement r\u00e9serv\u00e9es \u00e0 l&#8217;usage exclusif du Groupe ORA. Afin de respecter nos obligations l\u00e9gales, vos donn\u00e9es personnelles peuvent \u00e9galement \u00eatre transmises aux autorit\u00e9s administratives et judiciaires habilit\u00e9es, uniquement sur r\u00e9quisition judiciaire. <\/p>\n\n<h3 class=\"wp-block-heading\">4. RESPONSABILIT\u00c9 DU TRAITEMENT DES DONN\u00c9ES  <\/h3>\n\n<p>Le Groupe ORA, inscrit au RCS de Versailles sous le num\u00e9ro SIREN 503803520 (SIRET-00033), dont le si\u00e8ge social est situ\u00e9 50-54 rue Calmette et Gu\u00e9rin 78500 Sartrouville, repr\u00e9sent\u00e9 par Monsieur Thibaut de Mal\u00e9zieux, en sa qualit\u00e9 de Pr\u00e9sident, est responsable du traitement des donn\u00e9es qu&#8217;il collecte dans le cadre de nos relations commerciales.<\/p>\n\n<h3 class=\"wp-block-heading\">5. DUR\u00c9E DE CONSERVATION DE VOS DONN\u00c9ES PERSONNELLES  <\/h3>\n\n<p>La dur\u00e9e de conservation de vos donn\u00e9es personnelles varie en fonction de la finalit\u00e9 de leur collecte :<\/p>\n\n<p>&#8211; Les donn\u00e9es relatives aux clients (identit\u00e9, coordonn\u00e9es \u00e9lectroniques, historique d&#8217;utilisation) sont conserv\u00e9es pendant 3 ans \u00e0 compter de la fin de la relation commerciale.<\/p>\n\n<p>&#8211; Les documents et les pi\u00e8ces comptables sont conserv\u00e9s conform\u00e9ment aux normes juridiques en vigueur.<\/p>\n\n<h3 class=\"wp-block-heading\">6. VOS DROITS  <\/h3>\n\n<p>Conform\u00e9ment \u00e0 la r\u00e9glementation sur les donn\u00e9es personnelles, vous disposez des droits suivants concernant vos donn\u00e9es personnelles :<\/p>\n\n<p>Droit d&#8217;acc\u00e8s : Vous avez le droit d&#8217;obtenir la confirmation que vos donn\u00e9es sont ou ne sont pas trait\u00e9es et, le cas \u00e9ch\u00e9ant, d&#8217;acc\u00e9der \u00e0 ces donn\u00e9es.<\/p>\n\n<p>Droit de rectification : Vous avez le droit de faire rectifier vos donn\u00e9es inexactes et de faire compl\u00e9ter vos donn\u00e9es incompl\u00e8tes dans un d\u00e9lai raisonnable.<\/p>\n\n<p>Droit \u00e0 l&#8217;effacement : Vous avez le droit d&#8217;obtenir l&#8217;effacement de vos donn\u00e9es sans d\u00e9lai excessif, sous r\u00e9serve de nos obligations l\u00e9gales de conservation.<\/p>\n\n<p>Vous pouvez demander la portabilit\u00e9 de vos donn\u00e9es personnelles.<\/p>\n\n<p>&#8211; Droit de restriction : Vous avez le droit de vous opposer au traitement effectu\u00e9 ou de demander sa limitation.<\/p>\n\n<p>&#8211; Vous pouvez \u00e9galement d\u00e9finir des directives relatives \u00e0 la conservation, \u00e0 l&#8217;effacement et \u00e0 la communication de vos donn\u00e9es \u00e0 caract\u00e8re personnel apr\u00e8s votre d\u00e9c\u00e8s. Pour exercer vos droits et modifier vos pr\u00e9f\u00e9rences de communication, veuillez nous contacter \u00e0 l&#8217;adresse suivante : <a href=\"mailto:politiqueRGPD@elbafrance.com\">politiqueRGPD@elbafrance.com<\/a> <\/p>\n\n<h3 class=\"wp-block-heading\">7. D\u00c9L\u00c9GU\u00c9 \u00c0 LA PROTECTION DES DONN\u00c9ES  <\/h3>\n\n<p>Le groupe ORA a nomm\u00e9 un d\u00e9l\u00e9gu\u00e9 \u00e0 la protection des donn\u00e9es. Vous pouvez le contacter par courrier \u00e9lectronique \u00e0 l&#8217;adresse politiqueRGPD@elbafrance.com ou par courrier postal \u00e0 l&#8217;adresse suivante : Groupe ORA &#8211; Service Communication\/RGPD, 50-54 rue Calmette et Gu\u00e9rin 78500 Sartrouville. <\/p>\n\n<h3 class=\"wp-block-heading\">8. S\u00c9CURIT\u00c9 DES DONN\u00c9ES  <\/h3>\n\n<p>Le groupe ORA veille \u00e0 ce que vos donn\u00e9es soient trait\u00e9es de mani\u00e8re s\u00fbre et confidentielle. Nous prot\u00e9geons vos informations \u00e0 l&#8217;aide de mesures de s\u00e9curit\u00e9 physiques, \u00e9lectroniques et administratives. Nos mesures de protection comprennent, entre autres, des pare-feu, des contr\u00f4les d&#8217;acc\u00e8s physique \u00e0 nos centres de donn\u00e9es et des contr\u00f4les d&#8217;autorisation pour l&#8217;acc\u00e8s aux informations. \u00c0 cet effet, des mesures techniques et organisationnelles appropri\u00e9es sont mises en place pour pr\u00e9venir la perte, l&#8217;utilisation abusive, l&#8217;alt\u00e9ration et la suppression des donn\u00e9es \u00e0 caract\u00e8re personnel vous concernant.   <\/p>\n","protected":false},"excerpt":{"rendered":"<p>\u00c9DITEUR DU SITE Ce site, accessible \u00e0 l&#8217;URL https:\/\/www.groupe-ora.com\/, est \u00e9dit\u00e9 par : ORA, SAS au capital de 53 603\u20ac, dont le si\u00e8ge social est situ\u00e9 50-54 rue Calmette et Gu\u00e9rin, 78500 Sartrouville, immatricul\u00e9e au Registre du Commerce et des Soci\u00e9t\u00e9s de Versailles sous le num\u00e9ro 503803520. Num\u00e9ro de t\u00e9l\u00e9phone : 01.75.93.82.20Adresse \u00e9lectronique : contact@elbafrance.com [&hellip;]<\/p>\n","protected":false},"author":1,"featured_media":0,"parent":0,"menu_order":0,"comment_status":"closed","ping_status":"open","template":"page-transversal.php","meta":{"_acf_changed":false,"inline_featured_image":false,"footnotes":""},"class_list":["post-409","page","type-page","status-publish","hentry"],"acf":[],"yoast_head":"<!-- This site is optimized with the Yoast SEO plugin v23.6 - https:\/\/yoast.com\/wordpress\/plugins\/seo\/ -->\n<title>Mentions l\u00e9gales - ELBA becomes ORA Group<\/title>\n<meta name=\"robots\" content=\"index, follow, max-snippet:-1, max-image-preview:large, max-video-preview:-1\" \/>\n<link rel=\"canonical\" href=\"https:\/\/www.groupe-ora.com\/fr\/fr-politique-de-confidentialite\/\" \/>\n<meta property=\"og:locale\" content=\"fr_FR\" \/>\n<meta property=\"og:type\" content=\"article\" \/>\n<meta property=\"og:title\" content=\"Mentions l\u00e9gales - ELBA becomes ORA Group\" \/>\n<meta property=\"og:description\" content=\"\u00c9DITEUR DU SITE Ce site, accessible \u00e0 l&#8217;URL https:\/\/www.groupe-ora.com\/, est \u00e9dit\u00e9 par : ORA, SAS au capital de 53 603\u20ac, dont le si\u00e8ge social est situ\u00e9 50-54 rue Calmette et Gu\u00e9rin, 78500 Sartrouville, immatricul\u00e9e au Registre du Commerce et des Soci\u00e9t\u00e9s de Versailles sous le num\u00e9ro 503803520. Num\u00e9ro de t\u00e9l\u00e9phone : 01.75.93.82.20Adresse \u00e9lectronique : contact@elbafrance.com [&hellip;]\" \/>\n<meta property=\"og:url\" content=\"https:\/\/www.groupe-ora.com\/fr\/fr-politique-de-confidentialite\/\" \/>\n<meta property=\"og:site_name\" content=\"ELBA becomes ORA Group\" \/>\n<meta property=\"article:modified_time\" content=\"2024-10-28T11:23:47+00:00\" \/>\n<meta property=\"og:image\" content=\"https:\/\/www.groupe-ora.com\/app\/uploads\/2024\/10\/ora-logo.jpg\" \/>\n\t<meta property=\"og:image:width\" content=\"1200\" \/>\n\t<meta property=\"og:image:height\" content=\"657\" \/>\n\t<meta property=\"og:image:type\" content=\"image\/jpeg\" \/>\n<meta name=\"twitter:card\" content=\"summary_large_image\" \/>\n<meta name=\"twitter:label1\" content=\"Dur\u00e9e de lecture estim\u00e9e\" \/>\n\t<meta name=\"twitter:data1\" content=\"7 minutes\" \/>\n<script type=\"application\/ld+json\" class=\"yoast-schema-graph\">{\"@context\":\"https:\/\/schema.org\",\"@graph\":[{\"@type\":\"WebPage\",\"@id\":\"https:\/\/www.groupe-ora.com\/fr\/fr-politique-de-confidentialite\/\",\"url\":\"https:\/\/www.groupe-ora.com\/fr\/fr-politique-de-confidentialite\/\",\"name\":\"Mentions l\u00e9gales - ELBA becomes ORA Group\",\"isPartOf\":{\"@id\":\"https:\/\/www.groupe-ora.com\/#website\"},\"datePublished\":\"2024-05-07T12:35:11+00:00\",\"dateModified\":\"2024-10-28T11:23:47+00:00\",\"breadcrumb\":{\"@id\":\"https:\/\/www.groupe-ora.com\/fr\/fr-politique-de-confidentialite\/#breadcrumb\"},\"inLanguage\":\"fr-FR\",\"potentialAction\":[{\"@type\":\"ReadAction\",\"target\":[\"https:\/\/www.groupe-ora.com\/fr\/fr-politique-de-confidentialite\/\"]}]},{\"@type\":\"BreadcrumbList\",\"@id\":\"https:\/\/www.groupe-ora.com\/fr\/fr-politique-de-confidentialite\/#breadcrumb\",\"itemListElement\":[{\"@type\":\"ListItem\",\"position\":1,\"name\":\"Home\",\"item\":\"https:\/\/www.groupe-ora.com\/fr\/\"},{\"@type\":\"ListItem\",\"position\":2,\"name\":\"Mentions l\u00e9gales\"}]},{\"@type\":\"WebSite\",\"@id\":\"https:\/\/www.groupe-ora.com\/#website\",\"url\":\"https:\/\/www.groupe-ora.com\/\",\"name\":\"ELBA becomes ORA Group\",\"description\":\"Experience Design Expert:retail-product-content\",\"publisher\":{\"@id\":\"https:\/\/www.groupe-ora.com\/#organization\"},\"potentialAction\":[{\"@type\":\"SearchAction\",\"target\":{\"@type\":\"EntryPoint\",\"urlTemplate\":\"https:\/\/www.groupe-ora.com\/?s={search_term_string}\"},\"query-input\":{\"@type\":\"PropertyValueSpecification\",\"valueRequired\":true,\"valueName\":\"search_term_string\"}}],\"inLanguage\":\"fr-FR\"},{\"@type\":\"Organization\",\"@id\":\"https:\/\/www.groupe-ora.com\/#organization\",\"name\":\"ELBA becomes ORA Group\",\"alternateName\":\"ORA\",\"url\":\"https:\/\/www.groupe-ora.com\/\",\"logo\":{\"@type\":\"ImageObject\",\"inLanguage\":\"fr-FR\",\"@id\":\"https:\/\/www.groupe-ora.com\/#\/schema\/logo\/image\/\",\"url\":\"https:\/\/www.groupe-ora.com\/app\/uploads\/2024\/10\/ora-logo-group.jpg\",\"contentUrl\":\"https:\/\/www.groupe-ora.com\/app\/uploads\/2024\/10\/ora-logo-group.jpg\",\"width\":696,\"height\":696,\"caption\":\"ELBA becomes ORA Group\"},\"image\":{\"@id\":\"https:\/\/www.groupe-ora.com\/#\/schema\/logo\/image\/\"}}]}<\/script>\n<!-- \/ Yoast SEO plugin. -->","yoast_head_json":{"title":"Mentions l\u00e9gales - ELBA becomes ORA Group","robots":{"index":"index","follow":"follow","max-snippet":"max-snippet:-1","max-image-preview":"max-image-preview:large","max-video-preview":"max-video-preview:-1"},"canonical":"https:\/\/www.groupe-ora.com\/fr\/fr-politique-de-confidentialite\/","og_locale":"fr_FR","og_type":"article","og_title":"Mentions l\u00e9gales - ELBA becomes ORA Group","og_description":"\u00c9DITEUR DU SITE Ce site, accessible \u00e0 l&#8217;URL https:\/\/www.groupe-ora.com\/, est \u00e9dit\u00e9 par : ORA, SAS au capital de 53 603\u20ac, dont le si\u00e8ge social est situ\u00e9 50-54 rue Calmette et Gu\u00e9rin, 78500 Sartrouville, immatricul\u00e9e au Registre du Commerce et des Soci\u00e9t\u00e9s de Versailles sous le num\u00e9ro 503803520. Num\u00e9ro de t\u00e9l\u00e9phone : 01.75.93.82.20Adresse \u00e9lectronique : contact@elbafrance.com [&hellip;]","og_url":"https:\/\/www.groupe-ora.com\/fr\/fr-politique-de-confidentialite\/","og_site_name":"ELBA becomes ORA Group","article_modified_time":"2024-10-28T11:23:47+00:00","og_image":[{"width":1200,"height":657,"url":"https:\/\/www.groupe-ora.com\/app\/uploads\/2024\/10\/ora-logo.jpg","type":"image\/jpeg"}],"twitter_card":"summary_large_image","twitter_misc":{"Dur\u00e9e de lecture estim\u00e9e":"7 minutes"},"schema":{"@context":"https:\/\/schema.org","@graph":[{"@type":"WebPage","@id":"https:\/\/www.groupe-ora.com\/fr\/fr-politique-de-confidentialite\/","url":"https:\/\/www.groupe-ora.com\/fr\/fr-politique-de-confidentialite\/","name":"Mentions l\u00e9gales - ELBA becomes ORA Group","isPartOf":{"@id":"https:\/\/www.groupe-ora.com\/#website"},"datePublished":"2024-05-07T12:35:11+00:00","dateModified":"2024-10-28T11:23:47+00:00","breadcrumb":{"@id":"https:\/\/www.groupe-ora.com\/fr\/fr-politique-de-confidentialite\/#breadcrumb"},"inLanguage":"fr-FR","potentialAction":[{"@type":"ReadAction","target":["https:\/\/www.groupe-ora.com\/fr\/fr-politique-de-confidentialite\/"]}]},{"@type":"BreadcrumbList","@id":"https:\/\/www.groupe-ora.com\/fr\/fr-politique-de-confidentialite\/#breadcrumb","itemListElement":[{"@type":"ListItem","position":1,"name":"Home","item":"https:\/\/www.groupe-ora.com\/fr\/"},{"@type":"ListItem","position":2,"name":"Mentions l\u00e9gales"}]},{"@type":"WebSite","@id":"https:\/\/www.groupe-ora.com\/#website","url":"https:\/\/www.groupe-ora.com\/","name":"ELBA becomes ORA Group","description":"Experience Design Expert:retail-product-content","publisher":{"@id":"https:\/\/www.groupe-ora.com\/#organization"},"potentialAction":[{"@type":"SearchAction","target":{"@type":"EntryPoint","urlTemplate":"https:\/\/www.groupe-ora.com\/?s={search_term_string}"},"query-input":{"@type":"PropertyValueSpecification","valueRequired":true,"valueName":"search_term_string"}}],"inLanguage":"fr-FR"},{"@type":"Organization","@id":"https:\/\/www.groupe-ora.com\/#organization","name":"ELBA becomes ORA Group","alternateName":"ORA","url":"https:\/\/www.groupe-ora.com\/","logo":{"@type":"ImageObject","inLanguage":"fr-FR","@id":"https:\/\/www.groupe-ora.com\/#\/schema\/logo\/image\/","url":"https:\/\/www.groupe-ora.com\/app\/uploads\/2024\/10\/ora-logo-group.jpg","contentUrl":"https:\/\/www.groupe-ora.com\/app\/uploads\/2024\/10\/ora-logo-group.jpg","width":696,"height":696,"caption":"ELBA becomes ORA Group"},"image":{"@id":"https:\/\/www.groupe-ora.com\/#\/schema\/logo\/image\/"}}]}},"_links":{"self":[{"href":"https:\/\/www.groupe-ora.com\/fr\/wp-json\/wp\/v2\/pages\/409"}],"collection":[{"href":"https:\/\/www.groupe-ora.com\/fr\/wp-json\/wp\/v2\/pages"}],"about":[{"href":"https:\/\/www.groupe-ora.com\/fr\/wp-json\/wp\/v2\/types\/page"}],"author":[{"embeddable":true,"href":"https:\/\/www.groupe-ora.com\/fr\/wp-json\/wp\/v2\/users\/1"}],"replies":[{"embeddable":true,"href":"https:\/\/www.groupe-ora.com\/fr\/wp-json\/wp\/v2\/comments?post=409"}],"version-history":[{"count":9,"href":"https:\/\/www.groupe-ora.com\/fr\/wp-json\/wp\/v2\/pages\/409\/revisions"}],"predecessor-version":[{"id":2069,"href":"https:\/\/www.groupe-ora.com\/fr\/wp-json\/wp\/v2\/pages\/409\/revisions\/2069"}],"wp:attachment":[{"href":"https:\/\/www.groupe-ora.com\/fr\/wp-json\/wp\/v2\/media?parent=409"}],"curies":[{"name":"wp","href":"https:\/\/api.w.org\/{rel}","templated":true}]}}